{"version":"1.0","provider_name":"FMSB Abogados y Economistas en Baleares","provider_url":"https:\/\/fmsb.eu\/de\/","author_name":"fmsb","author_url":"https:\/\/fmsb.eu\/de\/author\/fmsb\/","title":"Un susto de muerte tras un Pacto Sucesorio. Art\u00edculo de opini\u00f3n en Mallorcadiario.com de Jorge S\u00e1inz de Baranda - FMSB Abogados y Economistas en Baleares","type":"rich","width":600,"height":338,"html":"<blockquote class=\"wp-embedded-content\" data-secret=\"oFz3AtxJiw\"><a href=\"https:\/\/fmsb.eu\/de\/2020\/10\/25\/pacto-sucesorio-baleares-jorge-sainz-de-baranda\/\">Un susto de muerte tras un Pacto Sucesorio. Art\u00edculo de opini\u00f3n en Mallorcadiario.com de Jorge S\u00e1inz de Baranda<\/a><\/blockquote><iframe sandbox=\"allow-scripts\" security=\"restricted\" src=\"https:\/\/fmsb.eu\/de\/2020\/10\/25\/pacto-sucesorio-baleares-jorge-sainz-de-baranda\/embed\/#?secret=oFz3AtxJiw\" width=\"600\" height=\"338\" title=\"&#8222;Un susto de muerte tras un Pacto Sucesorio. Art\u00edculo de opini\u00f3n en Mallorcadiario.com de Jorge S\u00e1inz de Baranda&#8220; &#8211; FMSB Abogados y Economistas en Baleares\" data-secret=\"oFz3AtxJiw\" frameborder=\"0\" marginwidth=\"0\" marginheight=\"0\" scrolling=\"no\" class=\"wp-embedded-content\"><\/iframe><script>\n\/*! This file is auto-generated *\/\n!function(d,l){\"use strict\";l.querySelector&&d.addEventListener&&\"undefined\"!=typeof URL&&(d.wp=d.wp||{},d.wp.receiveEmbedMessage||(d.wp.receiveEmbedMessage=function(e){var t=e.data;if((t||t.secret||t.message||t.value)&&!\/[^a-zA-Z0-9]\/.test(t.secret)){for(var s,r,n,a=l.querySelectorAll('iframe[data-secret=\"'+t.secret+'\"]'),o=l.querySelectorAll('blockquote[data-secret=\"'+t.secret+'\"]'),c=new RegExp(\"^https?:$\",\"i\"),i=0;i<o.length;i++)o[i].style.display=\"none\";for(i=0;i<a.length;i++)s=a[i],e.source===s.contentWindow&&(s.removeAttribute(\"style\"),\"height\"===t.message?(1e3<(r=parseInt(t.value,10))?r=1e3:~~r<200&&(r=200),s.height=r):\"link\"===t.message&&(r=new URL(s.getAttribute(\"src\")),n=new URL(t.value),c.test(n.protocol))&&n.host===r.host&&l.activeElement===s&&(d.top.location.href=t.value))}},d.addEventListener(\"message\",d.wp.receiveEmbedMessage,!1),l.addEventListener(\"DOMContentLoaded\",function(){for(var e,t,s=l.querySelectorAll(\"iframe.wp-embedded-content\"),r=0;r<s.length;r++)(t=(e=s[r]).getAttribute(\"data-secret\"))||(t=Math.random().toString(36).substring(2,12),e.src+=\"#?secret=\"+t,e.setAttribute(\"data-secret\",t)),e.contentWindow.postMessage({message:\"ready\",secret:t},\"*\")},!1)))}(window,document);\n\/\/# sourceURL=https:\/\/fmsb.eu\/wp-includes\/js\/wp-embed.min.js\n<\/script>\n","thumbnail_url":"https:\/\/fmsb.eu\/wp-content\/uploads\/2020\/10\/Un-susto-de-muerte-en-un-Pacto-Sucesorio-1.png","thumbnail_width":1600,"thumbnail_height":1200,"description":"mallorcadiario.com\u00a0 Opini\u00f3n DOMINGO 25 DE OCTUBRE DE 2020 DOMINGO 25 DE OCTUBRE DE 2020 Un susto de muerte tras un Pacto Sucesorio Por\u00a0Jorge S\u00e1inz de Baranda M\u00c1S ART\u00cdCULOS DEL AUTOR Un susto de muerte tras un Pacto Sucesorio Recuerdo que fue en el programa de radio de Juan Luis Cano y Guillermo Fesser, m\u00e1s conocidos [&hellip;]"}